{"id":33,"date":"2016-12-28T05:25:03","date_gmt":"2016-12-28T05:25:03","guid":{"rendered":"https:\/\/ayto4.accesia.info\/?page_id=33"},"modified":"2024-10-04T17:40:03","modified_gmt":"2024-10-04T17:40:03","slug":"serveis","status":"publish","type":"page","link":"https:\/\/sellent.es\/es\/serveis\/","title":{"rendered":"Servicios"},"content":{"rendered":"<!--themify_builder_content-->\n<div id=\"themify_builder_content-33\" data-postid=\"33\" class=\"themify_builder_content themify_builder_content-33 themify_builder tf_clear\">\n                    <div  data-css_id=\"llsu823\" data-lazy=\"1\" class=\"module_row themify_builder_row fullwidth_row_container tb_llsu823 tb_first tf_w wow\" data-tf-animation=\"fadeIn\">\n            <span  class=\"builder_row_cover tf_abs\" data-lazy=\"1\"><\/span>            <div class=\"row_inner col_align_top tb_col_count_1 tf_box tf_rel\">\n                        <div  data-lazy=\"1\" class=\"module_column tb-column col-full tb_vkem830 first\">\n                    <!-- module text -->\n<div  class=\"module module-text tb_7g05833    wow\" data-tf-animation=\"fadeInUp\" data-lazy=\"1\">\n        <div  class=\"tb_text_wrap\">\n        <h1>Servicios<\/h1>    <\/div>\n<\/div>\n<!-- \/module text -->        <\/div>\n                        <\/div>\n        <\/div>\n                        <div  data-lazy=\"1\" class=\"module_row themify_builder_row tb_1d0p824 tf_w\">\n                        <div class=\"row_inner col_align_top tb_col_count_1 tf_box tf_rel\">\n                        <div  data-lazy=\"1\" class=\"module_column tb-column col-full tb_7hhq842 first\">\n                            <div  data-lazy=\"1\" class=\"module_subrow themify_builder_sub_row tf_w col_align_top tb_col_count_2 tb_ky5a843\">\n                <div  data-lazy=\"1\" class=\"module_column sub_column col4-2 tb_20li844 first\">\n                    <!-- module image -->\n<div  class=\"module module-image tb_r9fs844 image-center   tf_mw wow\" data-tf-animation=\"fadeInRight\" data-lazy=\"1\">\n        <div class=\"image-wrap tf_rel tf_mw\">\n            <a href=\"https:\/\/sellent.es\/es\/serveis\/asociacions\/\">\n                   <img decoding=\"async\" src=\"https:\/\/sellent.es\/wp-content\/uploads\/2024\/09\/asociaciones-destacados.svg\" width=\"90\" class=\"wp-post-image wp-image-4166\" title=\"Asociaciones\" alt=\"Llistat i informaci\u00f3 de les associacions locals que promouen activitats culturals, socials i esportives a Sellent.\">        <\/a>\n    \n        <\/div>\n    <!-- \/image-wrap -->\n    \n        <div class=\"image-content\">\n                    <h3 class=\"image-title\">\n                                    <a href=\"https:\/\/sellent.es\/es\/serveis\/asociacions\/\">\n                        Asociaciones                    <\/a>\n                            <\/h3>\n                        <div class=\"image-caption tb_text_wrap\">\n            Listado e informaci\u00f3n de las asociaciones locales que promueven actividades culturales, sociales y deportivas en Sellent.        <\/div>\n        <!-- \/image-caption -->\n            <\/div>\n    <!-- \/image-content -->\n        <\/div>\n<!-- \/module image --><!-- module image -->\n<div  class=\"module module-image tb_i9z7844 image-center   tf_mw wow\" data-tf-animation=\"fadeInLeft\" data-lazy=\"1\">\n        <div class=\"image-wrap tf_rel tf_mw\">\n            <a href=\"https:\/\/sellent.es\/es\/serveis\/serveis-socials\/\">\n                   <img decoding=\"async\" src=\"https:\/\/sellent.es\/wp-content\/uploads\/2024\/09\/servicios-sociales-destacados.svg\" width=\"90\" class=\"wp-post-image wp-image-4139\" title=\"Servicios sociales\" alt=\"Descripci\u00f3 dels serveis d&#039;atenci\u00f3 social disponibles per a les persones del municipi, incloent ajuda familiar, assist\u00e8ncia a la tercera edat i suport a col\u00b7lectius vulnerables.\">        <\/a>\n    \n        <\/div>\n    <!-- \/image-wrap -->\n    \n        <div class=\"image-content\">\n                    <h3 class=\"image-title\">\n                                    <a href=\"https:\/\/sellent.es\/es\/serveis\/serveis-socials\/\">\n                        Servicios sociales                    <\/a>\n                            <\/h3>\n                        <div class=\"image-caption tb_text_wrap\">\n            Descripci\u00f3n de los servicios de atenci\u00f3n social disponibles para las personas del municipio, incluyendo ayuda familiar, asistencia a la tercera edad y soporte a colectivos vulnerables.        <\/div>\n        <!-- \/image-caption -->\n            <\/div>\n    <!-- \/image-content -->\n        <\/div>\n<!-- \/module image -->        <\/div>\n                    <div  data-lazy=\"1\" class=\"module_column sub_column col4-2 tb_phvi845 last\">\n                    <!-- module image -->\n<div  class=\"module module-image tb_axjy845 image-center   tf_mw wow\" data-tf-animation=\"fadeInRight\" data-lazy=\"1\">\n        <div class=\"image-wrap tf_rel tf_mw\">\n            <a href=\"https:\/\/sellent.es\/es\/serveis\/educacio\/\">\n                   <img decoding=\"async\" src=\"https:\/\/sellent.es\/wp-content\/uploads\/2024\/09\/educacion-destacados.svg\" width=\"90\" class=\"wp-post-image wp-image-4165\" title=\"Educaci\u00f3n\" alt=\"Informaci\u00f3 sobre els centres educatius del municipi, activitats escolars i recursos educatius disponibles per a estudiants i fam\u00edlies.\">        <\/a>\n    \n        <\/div>\n    <!-- \/image-wrap -->\n    \n        <div class=\"image-content\">\n                    <h3 class=\"image-title\">\n                                    <a href=\"https:\/\/sellent.es\/es\/serveis\/educacio\/\">\n                        Educaci\u00f3n                    <\/a>\n                            <\/h3>\n                        <div class=\"image-caption tb_text_wrap\">\n            Informaci\u00f3n sobre centros educativos del municipio, actividades escolares y recursos educativos disponibles para estudiantes y familias.        <\/div>\n        <!-- \/image-caption -->\n            <\/div>\n    <!-- \/image-content -->\n        <\/div>\n<!-- \/module image --><!-- module image -->\n<div  class=\"module module-image tb_hytt845 image-center   tf_mw wow\" data-tf-animation=\"fadeInLeft\" data-lazy=\"1\">\n        <div class=\"image-wrap tf_rel tf_mw\">\n            <a href=\"https:\/\/sellent.es\/es\/serveis\/sanitat\/\">\n                   <img decoding=\"async\" src=\"https:\/\/sellent.es\/wp-content\/uploads\/2024\/09\/salud-destacados.svg\" width=\"90\" class=\"wp-post-image wp-image-4146\" title=\"Sanidad\" alt=\"Recursos sanitaris al municipi, incloent informaci\u00f3 sobre el centre de salut local, serveis m\u00e8dics i contacte per a emerg\u00e8ncies sanit\u00e0ries.\">        <\/a>\n    \n        <\/div>\n    <!-- \/image-wrap -->\n    \n        <div class=\"image-content\">\n                    <h3 class=\"image-title\">\n                                    <a href=\"https:\/\/sellent.es\/es\/serveis\/sanitat\/\">\n                        Sanidad                    <\/a>\n                            <\/h3>\n                        <div class=\"image-caption tb_text_wrap\">\n            Recursos sanitarios en el municipio, incluyendo informaci\u00f3n sobre el centro de salud local, servicios m\u00e9dicos y contacto para emergencias sanitarias.        <\/div>\n        <!-- \/image-caption -->\n            <\/div>\n    <!-- \/image-content -->\n        <\/div>\n<!-- \/module image -->        <\/div>\n                    <\/div>\n                <\/div>\n                        <\/div>\n        <\/div>\n        <\/div>\n<!--\/themify_builder_content-->","protected":false},"excerpt":{"rendered":"<p>Serveis Asociacions Llistat i informaci\u00f3 de les associacions locals que promouen activitats culturals, socials i esportives a Sellent. Serveis socials Descripci\u00f3 dels serveis d&#8217;atenci\u00f3 social disponibles per a les persones del municipi, incloent ajuda familiar, assist\u00e8ncia a la tercera edat i suport a col\u00b7lectius vulnerables. Educaci\u00f3 Informaci\u00f3 sobre els centres educatius del municipi, activitats escolars [&hellip;]<\/p>\n","protected":false},"author":1,"featured_media":0,"parent":0,"menu_order":0,"comment_status":"closed","ping_status":"closed","template":"","meta":{"footnotes":""},"class_list":["post-33","page","type-page","status-publish","hentry","has-post-title","has-post-date","has-post-category","has-post-tag","has-post-comment","has-post-author",""],"builder_content":"<h1>Serveis<\/h1>\n<a href=\"https:\/\/sellent.es\/serveis\/asociacions\/\"> <img src=\"https:\/\/sellent.es\/wp-content\/uploads\/2024\/09\/asociaciones-destacados.svg\" width=\"90\" title=\"Asociacions\" alt=\"Llistat i informaci\u00f3 de les associacions locals que promouen activitats culturals, socials i esportives a Sellent.\"> <\/a> <h3> <a href=\"https:\/\/sellent.es\/serveis\/asociacions\/\"> Asociacions <\/a> <\/h3> Llistat i informaci\u00f3 de les associacions locals que promouen activitats culturals, socials i esportives a Sellent.\n<a href=\"https:\/\/sellent.es\/serveis\/serveis-socials\/\"> <img src=\"https:\/\/sellent.es\/wp-content\/uploads\/2024\/09\/servicios-sociales-destacados.svg\" width=\"90\" title=\"Serveis socials\" alt=\"Descripci\u00f3 dels serveis d&#039;atenci\u00f3 social disponibles per a les persones del municipi, incloent ajuda familiar, assist\u00e8ncia a la tercera edat i suport a col\u00b7lectius vulnerables.\"> <\/a> <h3> <a href=\"https:\/\/sellent.es\/serveis\/serveis-socials\/\"> Serveis socials <\/a> <\/h3> Descripci\u00f3 dels serveis d'atenci\u00f3 social disponibles per a les persones del municipi, incloent ajuda familiar, assist\u00e8ncia a la tercera edat i suport a col\u00b7lectius vulnerables.\n<a href=\"https:\/\/sellent.es\/serveis\/educacio\/\"> <img src=\"https:\/\/sellent.es\/wp-content\/uploads\/2024\/09\/educacion-destacados.svg\" width=\"90\" title=\"Educaci\u00f3\" alt=\"Informaci\u00f3 sobre els centres educatius del municipi, activitats escolars i recursos educatius disponibles per a estudiants i fam\u00edlies.\"> <\/a> <h3> <a href=\"https:\/\/sellent.es\/serveis\/educacio\/\"> Educaci\u00f3 <\/a> <\/h3> Informaci\u00f3 sobre els centres educatius del municipi, activitats escolars i recursos educatius disponibles per a estudiants i fam\u00edlies.\n<a href=\"https:\/\/sellent.es\/serveis\/sanitat\/\"> <img src=\"https:\/\/sellent.es\/wp-content\/uploads\/2024\/09\/salud-destacados.svg\" width=\"90\" title=\"Sanitat\" alt=\"Recursos sanitaris al municipi, incloent informaci\u00f3 sobre el centre de salut local, serveis m\u00e8dics i contacte per a emerg\u00e8ncies sanit\u00e0ries.\"> <\/a> <h3> <a href=\"https:\/\/sellent.es\/serveis\/sanitat\/\"> Sanitat <\/a> <\/h3> Recursos sanitaris al municipi, incloent informaci\u00f3 sobre el centre de salut local, serveis m\u00e8dics i contacte per a emerg\u00e8ncies sanit\u00e0ries.","_links":{"self":[{"href":"https:\/\/sellent.es\/es\/wp-json\/wp\/v2\/pages\/33","targetHints":{"allow":["GET"]}}],"collection":[{"href":"https:\/\/sellent.es\/es\/wp-json\/wp\/v2\/pages"}],"about":[{"href":"https:\/\/sellent.es\/es\/wp-json\/wp\/v2\/types\/page"}],"author":[{"embeddable":true,"href":"https:\/\/sellent.es\/es\/wp-json\/wp\/v2\/users\/1"}],"replies":[{"embeddable":true,"href":"https:\/\/sellent.es\/es\/wp-json\/wp\/v2\/comments?post=33"}],"version-history":[{"count":32,"href":"https:\/\/sellent.es\/es\/wp-json\/wp\/v2\/pages\/33\/revisions"}],"predecessor-version":[{"id":4300,"href":"https:\/\/sellent.es\/es\/wp-json\/wp\/v2\/pages\/33\/revisions\/4300"}],"wp:attachment":[{"href":"https:\/\/sellent.es\/es\/wp-json\/wp\/v2\/media?parent=33"}],"curies":[{"name":"wp","href":"https:\/\/api.w.org\/{rel}","templated":true}]}}