{"id":35,"date":"2016-12-29T12:56:56","date_gmt":"2016-12-29T12:56:56","guid":{"rendered":"https:\/\/ayto4.accesia.info\/?page_id=35"},"modified":"2024-10-04T17:57:21","modified_gmt":"2024-10-04T17:57:21","slug":"noticies","status":"publish","type":"page","link":"https:\/\/sellent.es\/es\/noticies\/","title":{"rendered":"Noticias"},"content":{"rendered":"<!--themify_builder_content-->\n<div id=\"themify_builder_content-35\" data-postid=\"35\" class=\"themify_builder_content themify_builder_content-35 themify_builder tf_clear\">\n                    <div  data-css_id=\"pnre907\" data-lazy=\"1\" class=\"module_row themify_builder_row fullwidth_row_container tb_pnre907 tb_first tf_w wow\" data-tf-animation=\"fadeIn\">\n            <span  class=\"builder_row_cover tf_abs\" data-lazy=\"1\"><\/span>            <div class=\"row_inner col_align_top tb_col_count_1 tf_box tf_rel\">\n                        <div  data-lazy=\"1\" class=\"module_column tb-column col-full tb_1r4j907 first\">\n                    <!-- module text -->\n<div  class=\"module module-text tb_nqiu907    wow\" data-tf-animation=\"fadeInUp\" data-lazy=\"1\">\n        <div  class=\"tb_text_wrap\">\n        <h1>Noticias<\/h1>    <\/div>\n<\/div>\n<!-- \/module text -->        <\/div>\n                        <\/div>\n        <\/div>\n                        <div  data-lazy=\"1\" class=\"module_row themify_builder_row tb_rga8566 tf_w\">\n                        <div class=\"row_inner col_align_top tb_col_count_1 tf_box tf_rel\">\n                        <div  data-lazy=\"1\" class=\"module_column tb-column col-full tb_arvp501 first\">\n                    <!-- module post -->\n<div  class=\"module module-post tb_m42q036\">\n    <div  class=\"builder-posts-wrap loops-wrapper grid3 masonry tf_rel tf_clear tf_clearfix\" data-lazy=\"1\" data-layout=\"fitRows\">\n    <article id=\"post-4581\" class=\"post tf_clearfix post-4581 type-post status-publish format-standard has-post-thumbnail hentry category-novedades has-post-title has-post-date has-post-category has-post-tag has-post-comment has-post-author\">\n\t    \n\t                <figure class=\"post-image tf_clearfix\">\n                                                            <a href=\"https:\/\/sellent.es\/es\/subvencio-de-la-diputacio-a-sellent-per-previndre-la-violencia-de-genere\/\">\n                                        <img loading=\"lazy\" decoding=\"async\" src=\"https:\/\/sellent.es\/wp-content\/uploads\/2026\/01\/articulos-346384-1-1024x568-800x440.jpg\" width=\"800\" height=\"440\" class=\"wp-post-image wp-image-4582\" title=\"articulos-346384\" alt=\"articulos-346384\" srcset=\"https:\/\/sellent.es\/wp-content\/uploads\/2026\/01\/articulos-346384-1-1024x568-800x440.jpg 800w, https:\/\/sellent.es\/wp-content\/uploads\/2026\/01\/articulos-346384-1-18x10.jpg 18w\" sizes=\"auto, (max-width: 800px) 100vw, 800px\" \/>                                                                    <\/a>\n                                                                <\/figure>\n                    \t<div class=\"post-content\">\n\t\t<div class=\"post-content-inner\">\n\n\t\t\t\t\t\t\t\t<div class=\"post-date-wrap post-date-inline\">\n\t\t<time class=\"post-date entry-date updated\" datetime=\"2026-01-23\">\n\t\t\t\t\t<span class=\"year\">23 de enero de 2026<\/span>\n\t\t\t\t<\/time>\n\t<\/div><!-- .post-date-wrap -->\n\t\t\t\t\n\t\t\t<h2 class=\"post-title entry-title\"><a href=\"https:\/\/sellent.es\/es\/subvencio-de-la-diputacio-a-sellent-per-previndre-la-violencia-de-genere\/\">Subvenci\u00f3n de la Diputaci\u00f3n en Sellent para prevenir la violencia de g\u00e9nero<\/a><\/h2>\n\t\t\t\n\t\t\t\n\t\t\t        <div class=\"entry-content\">\n\n        \n        <\/div><!-- \/.entry-content -->\n        \n\t\t<\/div>\n\t\t<!-- \/.post-content-inner -->\n\t<\/div>\n\t<!-- \/.post-content -->\n\t\n<\/article>\n<!-- \/.post -->\n<article id=\"post-4578\" class=\"post tf_clearfix post-4578 type-post status-publish format-standard has-post-thumbnail hentry category-novedades has-post-title has-post-date has-post-category has-post-tag has-post-comment has-post-author\">\n\t    \n\t                <figure class=\"post-image tf_clearfix\">\n                                                            <a href=\"https:\/\/sellent.es\/es\/subvencio-de-la-diputacio-a-sellent-destinada-al-suport-de-les-politiques-de-diversitat-sexual\/\">\n                                        <img loading=\"lazy\" decoding=\"async\" src=\"https:\/\/sellent.es\/wp-content\/uploads\/2026\/01\/articulos-346384-1024x568-800x440.jpg\" width=\"800\" height=\"440\" class=\"wp-post-image wp-image-4579\" title=\"articulos-346384\" alt=\"articulos-346384\" srcset=\"https:\/\/sellent.es\/wp-content\/uploads\/2026\/01\/articulos-346384-1024x568-800x440.jpg 800w, https:\/\/sellent.es\/wp-content\/uploads\/2026\/01\/articulos-346384-18x10.jpg 18w\" sizes=\"auto, (max-width: 800px) 100vw, 800px\" \/>                                                                    <\/a>\n                                                                <\/figure>\n                    \t<div class=\"post-content\">\n\t\t<div class=\"post-content-inner\">\n\n\t\t\t\t\t\t\t\t<div class=\"post-date-wrap post-date-inline\">\n\t\t<time class=\"post-date entry-date updated\" datetime=\"2026-01-23\">\n\t\t\t\t\t<span class=\"year\">23 de enero de 2026<\/span>\n\t\t\t\t<\/time>\n\t<\/div><!-- .post-date-wrap -->\n\t\t\t\t\n\t\t\t<h2 class=\"post-title entry-title\"><a href=\"https:\/\/sellent.es\/es\/subvencio-de-la-diputacio-a-sellent-destinada-al-suport-de-les-politiques-de-diversitat-sexual\/\">Subvenci\u00f3n de la Diputaci\u00f3n en Sellent destinada al apoyo de las pol\u00edticas de diversidad sexual<\/a><\/h2>\n\t\t\t\n\t\t\t\n\t\t\t        <div class=\"entry-content\">\n\n        \n        <\/div><!-- \/.entry-content -->\n        \n\t\t<\/div>\n\t\t<!-- \/.post-content-inner -->\n\t<\/div>\n\t<!-- \/.post-content -->\n\t\n<\/article>\n<!-- \/.post -->\n<article id=\"post-4573\" class=\"post tf_clearfix post-4573 type-post status-publish format-standard has-post-thumbnail hentry category-novetats has-post-title has-post-date has-post-category has-post-tag has-post-comment has-post-author\">\n\t    \n\t                <figure class=\"post-image tf_clearfix\">\n                                                            <a href=\"https:\/\/sellent.es\/es\/subvencio-per-a-millorar-lacces-a-locupacio-i-a-mesures-dactivacio-de-les-persones-dalmenys-de-30-anys\/\">\n                                        <img loading=\"lazy\" decoding=\"async\" src=\"https:\/\/sellent.es\/wp-content\/uploads\/2025\/11\/Captura-de-pantalla-2025-11-11-a-las-11.41.28-1024x724-800x440.png\" width=\"800\" height=\"440\" class=\"wp-post-image wp-image-4574\" title=\"Captura de pantalla 2025-11-11 a las 11.41.28\" alt=\"Captura de pantalla 2025-11-11 a las 11.41.28\">                                                                    <\/a>\n                                                                <\/figure>\n                    \t<div class=\"post-content\">\n\t\t<div class=\"post-content-inner\">\n\n\t\t\t\t\t\t\t\t<div class=\"post-date-wrap post-date-inline\">\n\t\t<time class=\"post-date entry-date updated\" datetime=\"2025-11-11\">\n\t\t\t\t\t<span class=\"year\">11 de noviembre de 2025<\/span>\n\t\t\t\t<\/time>\n\t<\/div><!-- .post-date-wrap -->\n\t\t\t\t\n\t\t\t<h2 class=\"post-title entry-title\"><a href=\"https:\/\/sellent.es\/es\/subvencio-per-a-millorar-lacces-a-locupacio-i-a-mesures-dactivacio-de-les-persones-dalmenys-de-30-anys\/\">Subvenci\u00f3n para mejorar el acceso al empleo ya medidas de activaci\u00f3n de las personas de al menos 30 a\u00f1os<\/a><\/h2>\n\t\t\t\n\t\t\t\n\t\t\t        <div class=\"entry-content\">\n\n        \n        <\/div><!-- \/.entry-content -->\n        \n\t\t<\/div>\n\t\t<!-- \/.post-content-inner -->\n\t<\/div>\n\t<!-- \/.post-content -->\n\t\n<\/article>\n<!-- \/.post -->\n<article id=\"post-4570\" class=\"post tf_clearfix post-4570 type-post status-publish format-standard has-post-thumbnail hentry category-novetats has-post-title has-post-date has-post-category has-post-tag has-post-comment has-post-author\">\n\t    \n\t                <figure class=\"post-image tf_clearfix\">\n                                                            <a href=\"https:\/\/sellent.es\/es\/la-conselleria-deducacio-cultura-universitats-i-ocupacio-ha-concedit-a-lajuntament-de-sellent-una-subvencio-2\/\">\n                                        <img loading=\"lazy\" decoding=\"async\" src=\"https:\/\/sellent.es\/wp-content\/uploads\/2025\/11\/images-800x440.png\" width=\"800\" height=\"440\" class=\"wp-post-image wp-image-4571\" title=\"im\u00e1genes\" alt=\"images\" srcset=\"https:\/\/sellent.es\/wp-content\/uploads\/2025\/11\/images-800x440.png 800w, https:\/\/sellent.es\/wp-content\/uploads\/2025\/11\/images-18x9.png 18w\" sizes=\"auto, (max-width: 800px) 100vw, 800px\" \/>                                                                    <\/a>\n                                                                <\/figure>\n                    \t<div class=\"post-content\">\n\t\t<div class=\"post-content-inner\">\n\n\t\t\t\t\t\t\t\t<div class=\"post-date-wrap post-date-inline\">\n\t\t<time class=\"post-date entry-date updated\" datetime=\"2025-11-11\">\n\t\t\t\t\t<span class=\"year\">11 de noviembre de 2025<\/span>\n\t\t\t\t<\/time>\n\t<\/div><!-- .post-date-wrap -->\n\t\t\t\t\n\t\t\t<h2 class=\"post-title entry-title\"><a href=\"https:\/\/sellent.es\/es\/la-conselleria-deducacio-cultura-universitats-i-ocupacio-ha-concedit-a-lajuntament-de-sellent-una-subvencio-2\/\">La Consejer\u00eda de Educaci\u00f3n, Cultura, Universidades y Empleo ha concedido al Ayuntamiento de Sellent una subvenci\u00f3n<\/a><\/h2>\n\t\t\t\n\t\t\t\n\t\t\t        <div class=\"entry-content\">\n\n        \n        <\/div><!-- \/.entry-content -->\n        \n\t\t<\/div>\n\t\t<!-- \/.post-content-inner -->\n\t<\/div>\n\t<!-- \/.post-content -->\n\t\n<\/article>\n<!-- \/.post -->\n<article id=\"post-4566\" class=\"post tf_clearfix post-4566 type-post status-publish format-standard has-post-thumbnail hentry category-novetats has-post-title has-post-date has-post-category has-post-tag has-post-comment has-post-author\">\n\t    \n\t                <figure class=\"post-image tf_clearfix\">\n                                                            <a href=\"https:\/\/sellent.es\/es\/lajuntament-de-sellent-ha-rebut-una-subvencio-de-la-diputacio-de-valencia-per-a-actuacions-vinculades-a-les-smart-cities-2\/\">\n                                        <img loading=\"lazy\" decoding=\"async\" src=\"https:\/\/sellent.es\/wp-content\/uploads\/2025\/11\/que-son-las-smart-cities.jpg-800x440.webp\" width=\"800\" height=\"440\" class=\"wp-post-image wp-image-4567\" title=\"que-son-las-smart-cities.jpg\" alt=\"que-son-las-smart-cities.jpg\">                                                                    <\/a>\n                                                                <\/figure>\n                    \t<div class=\"post-content\">\n\t\t<div class=\"post-content-inner\">\n\n\t\t\t\t\t\t\t\t<div class=\"post-date-wrap post-date-inline\">\n\t\t<time class=\"post-date entry-date updated\" datetime=\"2025-11-10\">\n\t\t\t\t\t<span class=\"year\">10 de noviembre de 2025<\/span>\n\t\t\t\t<\/time>\n\t<\/div><!-- .post-date-wrap -->\n\t\t\t\t\n\t\t\t<h2 class=\"post-title entry-title\"><a href=\"https:\/\/sellent.es\/es\/lajuntament-de-sellent-ha-rebut-una-subvencio-de-la-diputacio-de-valencia-per-a-actuacions-vinculades-a-les-smart-cities-2\/\">El Ayuntamiento de Sellent ha recibido una subvenci\u00f3n de la Diputaci\u00f3n de Valencia para actuaciones vinculadas a las Smart Cities<\/a><\/h2>\n\t\t\t\n\t\t\t\n\t\t\t        <div class=\"entry-content\">\n\n        \n        <\/div><!-- \/.entry-content -->\n        \n\t\t<\/div>\n\t\t<!-- \/.post-content-inner -->\n\t<\/div>\n\t<!-- \/.post-content -->\n\t\n<\/article>\n<!-- \/.post -->\n<article id=\"post-4563\" class=\"post tf_clearfix post-4563 type-post status-publish format-standard has-post-thumbnail hentry category-uncategorized has-post-title has-post-date has-post-category has-post-tag has-post-comment has-post-author\">\n\t    \n\t                <figure class=\"post-image tf_clearfix\">\n                                                            <a href=\"https:\/\/sellent.es\/es\/subvencio-del-programa-de-contractacio-de-persones-desocupades-per-a-la-realitzacio-daccions-en-plans-o-procediments-demerencies-en-lambit-forestal\/\">\n                                        <img loading=\"lazy\" decoding=\"async\" src=\"https:\/\/sellent.es\/wp-content\/uploads\/2025\/10\/Captura-de-pantalla-2025-10-24-a-las-9.46.48-1024x726-800x440.png\" width=\"800\" height=\"440\" class=\"wp-post-image wp-image-4564\" title=\"Captura de pantalla 2025-10-24 a las 9:46:48\" alt=\"Captura de pantalla 2025-10-24 a las 9.46.48\">                                                                    <\/a>\n                                                                <\/figure>\n                    \t<div class=\"post-content\">\n\t\t<div class=\"post-content-inner\">\n\n\t\t\t\t\t\t\t\t<div class=\"post-date-wrap post-date-inline\">\n\t\t<time class=\"post-date entry-date updated\" datetime=\"2025-10-24\">\n\t\t\t\t\t<span class=\"year\">24 de octubre de 2025<\/span>\n\t\t\t\t<\/time>\n\t<\/div><!-- .post-date-wrap -->\n\t\t\t\t\n\t\t\t<h2 class=\"post-title entry-title\"><a href=\"https:\/\/sellent.es\/es\/subvencio-del-programa-de-contractacio-de-persones-desocupades-per-a-la-realitzacio-daccions-en-plans-o-procediments-demerencies-en-lambit-forestal\/\">Subvenci\u00f3n del programa de contrataci\u00f3n de personas desempleadas para la realizaci\u00f3n de acciones en planes o procedimientos de emerencias en el \u00e1mbito forestal<\/a><\/h2>\n\t\t\t\n\t\t\t\n\t\t\t        <div class=\"entry-content\">\n\n        \n        <\/div><!-- \/.entry-content -->\n        \n\t\t<\/div>\n\t\t<!-- \/.post-content-inner -->\n\t<\/div>\n\t<!-- \/.post-content -->\n\t\n<\/article>\n<!-- \/.post -->\n<article id=\"post-4554\" class=\"post tf_clearfix post-4554 type-post status-publish format-standard has-post-thumbnail hentry category-novetats has-post-title has-post-date has-post-category has-post-tag has-post-comment has-post-author\">\n\t    \n\t                <figure class=\"post-image tf_clearfix\">\n                                                            <a href=\"https:\/\/sellent.es\/es\/subvencio-de-la-diputacio-a-sellent-per-a-treballs-de-desinfeccio-2\/\">\n                                        <img loading=\"lazy\" decoding=\"async\" src=\"https:\/\/sellent.es\/wp-content\/uploads\/2025\/09\/Publicidad-Locales-Diputacion-de-Valencia-y-Ayuntamientos-24_page-0001-2-1024x1011-800x440.jpg\" width=\"800\" height=\"440\" class=\"wp-post-image wp-image-4555\" title=\"Publicidad-Locales-Diputacion-de-Valencia-y-Ayuntamientos-24_page-0001-2\" alt=\"Publicidad-Locales-Diputacion-de-Valencia-y-Ayuntamientos-24_page-0001-2\">                                                                    <\/a>\n                                                                <\/figure>\n                    \t<div class=\"post-content\">\n\t\t<div class=\"post-content-inner\">\n\n\t\t\t\t\t\t\t\t<div class=\"post-date-wrap post-date-inline\">\n\t\t<time class=\"post-date entry-date updated\" datetime=\"2025-09-18\">\n\t\t\t\t\t<span class=\"year\">18 de septiembre de 2025<\/span>\n\t\t\t\t<\/time>\n\t<\/div><!-- .post-date-wrap -->\n\t\t\t\t\n\t\t\t<h2 class=\"post-title entry-title\"><a href=\"https:\/\/sellent.es\/es\/subvencio-de-la-diputacio-a-sellent-per-a-treballs-de-desinfeccio-2\/\">Subvenci\u00f3n de la Diputaci\u00f3n en Sellent para trabajos de desinfecci\u00f3n<\/a><\/h2>\n\t\t\t\n\t\t\t\n\t\t\t        <div class=\"entry-content\">\n\n        \n        <\/div><!-- \/.entry-content -->\n        \n\t\t<\/div>\n\t\t<!-- \/.post-content-inner -->\n\t<\/div>\n\t<!-- \/.post-content -->\n\t\n<\/article>\n<!-- \/.post -->\n<article id=\"post-4540\" class=\"post tf_clearfix post-4540 type-post status-publish format-standard has-post-thumbnail hentry category-cultura-es category-novetats has-post-title has-post-date has-post-category has-post-tag has-post-comment has-post-author\">\n\t    \n\t                <figure class=\"post-image tf_clearfix\">\n                                                            <a href=\"https:\/\/sellent.es\/es\/subvencio-a-sellent-per-a-lactivitat-territori-gamer\/\">\n                                        <img loading=\"lazy\" decoding=\"async\" src=\"https:\/\/sellent.es\/wp-content\/uploads\/2025\/09\/CARTELL-TERRITORI-GAMER_page-0001-724x1024-800x440.jpg\" width=\"800\" height=\"440\" class=\"wp-post-image wp-image-4541\" title=\"CARTEL TERRITORIO GAMER_page-0001\" alt=\"CARTELL TERRITORI GAMER_page-0001\">                                                                    <\/a>\n                                                                <\/figure>\n                    \t<div class=\"post-content\">\n\t\t<div class=\"post-content-inner\">\n\n\t\t\t\t\t\t\t\t<div class=\"post-date-wrap post-date-inline\">\n\t\t<time class=\"post-date entry-date updated\" datetime=\"2025-09-04\">\n\t\t\t\t\t<span class=\"year\">4 de septiembre de 2025<\/span>\n\t\t\t\t<\/time>\n\t<\/div><!-- .post-date-wrap -->\n\t\t\t\t\n\t\t\t<h2 class=\"post-title entry-title\"><a href=\"https:\/\/sellent.es\/es\/subvencio-a-sellent-per-a-lactivitat-territori-gamer\/\">Subvenci\u00f3n a Sellent para la actividad &quot;Territorio Gamer&quot;<\/a><\/h2>\n\t\t\t\n\t\t\t\n\t\t\t        <div class=\"entry-content\">\n\n        \n        <\/div><!-- \/.entry-content -->\n        \n\t\t<\/div>\n\t\t<!-- \/.post-content-inner -->\n\t<\/div>\n\t<!-- \/.post-content -->\n\t\n<\/article>\n<!-- \/.post -->\n<article id=\"post-4537\" class=\"post tf_clearfix post-4537 type-post status-publish format-standard has-post-thumbnail hentry category-novedades category-novetats has-post-title has-post-date has-post-category has-post-tag has-post-comment has-post-author\">\n\t    \n\t                <figure class=\"post-image tf_clearfix\">\n                                                            <a href=\"https:\/\/sellent.es\/es\/sellent-sadhereix-al-fons-valencia-per-la-solidaritat\/\">\n                                        <img loading=\"lazy\" decoding=\"async\" src=\"https:\/\/sellent.es\/wp-content\/uploads\/2025\/07\/WhatsApp-Image-2025-07-18-at-11.20.10-800x440.jpeg\" width=\"800\" height=\"440\" class=\"wp-post-image wp-image-4538\" title=\"WhatsApp Image 2025-07-18 at 11.20.10\" alt=\"WhatsApp Image 2025-07-18 at 11.20.10\">                                                                    <\/a>\n                                                                <\/figure>\n                    \t<div class=\"post-content\">\n\t\t<div class=\"post-content-inner\">\n\n\t\t\t\t\t\t\t\t<div class=\"post-date-wrap post-date-inline\">\n\t\t<time class=\"post-date entry-date updated\" datetime=\"2025-07-20\">\n\t\t\t\t\t<span class=\"year\">20 de julio de 2025<\/span>\n\t\t\t\t<\/time>\n\t<\/div><!-- .post-date-wrap -->\n\t\t\t\t\n\t\t\t<h2 class=\"post-title entry-title\"><a href=\"https:\/\/sellent.es\/es\/sellent-sadhereix-al-fons-valencia-per-la-solidaritat\/\">Sellent se adhiere al Fons Valenci\u00e0 per la Solidaritat<\/a><\/h2>\n\t\t\t\n\t\t\t\n\t\t\t        <div class=\"entry-content\">\n\n        \n        <\/div><!-- \/.entry-content -->\n        \n\t\t<\/div>\n\t\t<!-- \/.post-content-inner -->\n\t<\/div>\n\t<!-- \/.post-content -->\n\t\n<\/article>\n<!-- \/.post -->\n<article id=\"post-4533\" class=\"post tf_clearfix post-4533 type-post status-publish format-standard has-post-thumbnail hentry category-novedades category-novetats has-post-title has-post-date has-post-category has-post-tag has-post-comment has-post-author\">\n\t    \n\t                <figure class=\"post-image tf_clearfix\">\n                                                            <a href=\"https:\/\/sellent.es\/es\/la-conselleria-deducacio-cultura-universitats-i-ocupacio-ha-concedit-a-lajuntament-de-sellent-una-subvencio\/\">\n                                        <img loading=\"lazy\" decoding=\"async\" src=\"https:\/\/sellent.es\/wp-content\/uploads\/2025\/07\/images-800x440.png\" width=\"800\" height=\"440\" class=\"wp-post-image wp-image-4534\" title=\"im\u00e1genes\" alt=\"images\" srcset=\"https:\/\/sellent.es\/wp-content\/uploads\/2025\/07\/images-800x440.png 800w, https:\/\/sellent.es\/wp-content\/uploads\/2025\/07\/images-18x9.png 18w\" sizes=\"auto, (max-width: 800px) 100vw, 800px\" \/>                                                                    <\/a>\n                                                                <\/figure>\n                    \t<div class=\"post-content\">\n\t\t<div class=\"post-content-inner\">\n\n\t\t\t\t\t\t\t\t<div class=\"post-date-wrap post-date-inline\">\n\t\t<time class=\"post-date entry-date updated\" datetime=\"2025-07-03\">\n\t\t\t\t\t<span class=\"year\">3 de julio de 2025<\/span>\n\t\t\t\t<\/time>\n\t<\/div><!-- .post-date-wrap -->\n\t\t\t\t\n\t\t\t<h2 class=\"post-title entry-title\"><a href=\"https:\/\/sellent.es\/es\/la-conselleria-deducacio-cultura-universitats-i-ocupacio-ha-concedit-a-lajuntament-de-sellent-una-subvencio\/\">La Consejer\u00eda de Educaci\u00f3n, Cultura, Universidades y Empleo ha concedido al Ayuntamiento de Sellent una subvenci\u00f3n<\/a><\/h2>\n\t\t\t\n\t\t\t\n\t\t\t        <div class=\"entry-content\">\n\n        \n        <\/div><!-- \/.entry-content -->\n        \n\t\t<\/div>\n\t\t<!-- \/.post-content-inner -->\n\t<\/div>\n\t<!-- \/.post-content -->\n\t\n<\/article>\n<!-- \/.post -->\n<article id=\"post-4525\" class=\"post tf_clearfix post-4525 type-post status-publish format-standard has-post-thumbnail hentry category-novedades category-novetats has-post-title has-post-date has-post-category has-post-tag has-post-comment has-post-author\">\n\t    \n\t                <figure class=\"post-image tf_clearfix\">\n                                                            <a href=\"https:\/\/sellent.es\/es\/sobri-el-termini-per-a-la-licitacio-del-quiosc-de-la-piscina-de-sellent\/\">\n                                        <img loading=\"lazy\" decoding=\"async\" src=\"https:\/\/sellent.es\/wp-content\/uploads\/2025\/06\/WhatsApp-Image-2025-06-04-at-21.13.58-1024x900-800x440.jpeg\" width=\"800\" height=\"440\" class=\"wp-post-image wp-image-4528\" title=\"WhatsApp Image 2025-06-04 at 21.13.58\" alt=\"WhatsApp Image 2025-06-04 at 21.13.58\">                                                                    <\/a>\n                                                                <\/figure>\n                    \t<div class=\"post-content\">\n\t\t<div class=\"post-content-inner\">\n\n\t\t\t\t\t\t\t\t<div class=\"post-date-wrap post-date-inline\">\n\t\t<time class=\"post-date entry-date updated\" datetime=\"2025-06-07\">\n\t\t\t\t\t<span class=\"year\">7 de junio de 2025<\/span>\n\t\t\t\t<\/time>\n\t<\/div><!-- .post-date-wrap -->\n\t\t\t\t\n\t\t\t<h2 class=\"post-title entry-title\"><a href=\"https:\/\/sellent.es\/es\/sobri-el-termini-per-a-la-licitacio-del-quiosc-de-la-piscina-de-sellent\/\">Se abre el plazo para la licitaci\u00f3n del quiosco de la piscina de Sellent<\/a><\/h2>\n\t\t\t\n\t\t\t\n\t\t\t        <div class=\"entry-content\">\n\n        \n        <\/div><!-- \/.entry-content -->\n        \n\t\t<\/div>\n\t\t<!-- \/.post-content-inner -->\n\t<\/div>\n\t<!-- \/.post-content -->\n\t\n<\/article>\n<!-- \/.post -->\n<article id=\"post-4520\" class=\"post tf_clearfix post-4520 type-post status-publish format-standard has-post-thumbnail hentry category-novedades category-novetats has-post-title has-post-date has-post-category has-post-tag has-post-comment has-post-author\">\n\t    \n\t                <figure class=\"post-image tf_clearfix\">\n                                                            <a href=\"https:\/\/sellent.es\/es\/lajuntament-de-sellent-actualitza-el-seu-pla-de-gestio-etica-de-colonies-felines-amb-la-finalitat-de-millorar-lanterior\/\">\n                                        <img loading=\"lazy\" decoding=\"async\" src=\"https:\/\/sellent.es\/wp-content\/uploads\/2025\/05\/colonia-felina-en-valencia.jpeg-800x440.webp\" width=\"800\" height=\"440\" class=\"wp-post-image wp-image-4522\" title=\"colonia-felina-en-valencia.jpeg\" alt=\"colonia-felina-en-valencia.jpeg\" srcset=\"https:\/\/sellent.es\/wp-content\/uploads\/2025\/05\/colonia-felina-en-valencia.jpeg-800x440.webp 800w, https:\/\/sellent.es\/wp-content\/uploads\/2025\/05\/colonia-felina-en-valencia.jpeg-18x10.webp 18w\" sizes=\"auto, (max-width: 800px) 100vw, 800px\" \/>                                                                    <\/a>\n                                                                <\/figure>\n                    \t<div class=\"post-content\">\n\t\t<div class=\"post-content-inner\">\n\n\t\t\t\t\t\t\t\t<div class=\"post-date-wrap post-date-inline\">\n\t\t<time class=\"post-date entry-date updated\" datetime=\"2025-05-21\">\n\t\t\t\t\t<span class=\"year\">21 de mayo de 2025<\/span>\n\t\t\t\t<\/time>\n\t<\/div><!-- .post-date-wrap -->\n\t\t\t\t\n\t\t\t<h2 class=\"post-title entry-title\"><a href=\"https:\/\/sellent.es\/es\/lajuntament-de-sellent-actualitza-el-seu-pla-de-gestio-etica-de-colonies-felines-amb-la-finalitat-de-millorar-lanterior\/\">El Ayuntamiento de Sellent actualiza su Plan de Gesti\u00f3n \u00c9tica de Colonias Felinas con el fin de mejorar el anterior<\/a><\/h2>\n\t\t\t\n\t\t\t\n\t\t\t        <div class=\"entry-content\">\n\n        \n        <\/div><!-- \/.entry-content -->\n        \n\t\t<\/div>\n\t\t<!-- \/.post-content-inner -->\n\t<\/div>\n\t<!-- \/.post-content -->\n\t\n<\/article>\n<!-- \/.post -->\n    <\/div><!-- .builder-posts-wrap -->\n                                <link rel=\"prefetch\" as=\"document\" href=\"https:\/\/sellent.es\/es\/wp-json\/wp\/v2\/pages\/35\/page\/2\/\"\/><div class=\"pagenav tf_clear tf_box tf_textr tf_clearfix\"> <span class=\"number current\">1<\/span> <a href=\"https:\/\/sellent.es\/es\/wp-json\/wp\/v2\/pages\/35\/page\/2\/\" class=\"number\">2<\/a> <a href=\"https:\/\/sellent.es\/es\/wp-json\/wp\/v2\/pages\/35\/page\/3\/\" class=\"number\">3<\/a> <a href=\"https:\/\/sellent.es\/es\/wp-json\/wp\/v2\/pages\/35\/page\/4\/\" class=\"number\">4<\/a><a href=\"https:\/\/sellent.es\/es\/wp-json\/wp\/v2\/pages\/35\/page\/2\/\"  class=\"number nextp\">\u203a<\/a><a href=\"https:\/\/sellent.es\/es\/wp-json\/wp\/v2\/pages\/35\/page\/19\/\" title=\"\u00bb\" class=\"number lastp\">\u00bb<\/a><\/div>                <\/div>\n<!-- \/module post -->\n            <\/div>\n                        <\/div>\n        <\/div>\n        <\/div>\n<!--\/themify_builder_content-->","protected":false},"excerpt":{"rendered":"<p>Noticias<\/p>","protected":false},"author":1,"featured_media":0,"parent":0,"menu_order":0,"comment_status":"closed","ping_status":"closed","template":"","meta":{"footnotes":""},"class_list":["post-35","page","type-page","status-publish","hentry","has-post-title","has-post-date","has-post-category","has-post-tag","has-post-comment","has-post-author",""],"builder_content":"<h1>Noticies<\/h1>","_links":{"self":[{"href":"https:\/\/sellent.es\/es\/wp-json\/wp\/v2\/pages\/35","targetHints":{"allow":["GET"]}}],"collection":[{"href":"https:\/\/sellent.es\/es\/wp-json\/wp\/v2\/pages"}],"about":[{"href":"https:\/\/sellent.es\/es\/wp-json\/wp\/v2\/types\/page"}],"author":[{"embeddable":true,"href":"https:\/\/sellent.es\/es\/wp-json\/wp\/v2\/users\/1"}],"replies":[{"embeddable":true,"href":"https:\/\/sellent.es\/es\/wp-json\/wp\/v2\/comments?post=35"}],"version-history":[{"count":25,"href":"https:\/\/sellent.es\/es\/wp-json\/wp\/v2\/pages\/35\/revisions"}],"predecessor-version":[{"id":4332,"href":"https:\/\/sellent.es\/es\/wp-json\/wp\/v2\/pages\/35\/revisions\/4332"}],"wp:attachment":[{"href":"https:\/\/sellent.es\/es\/wp-json\/wp\/v2\/media?parent=35"}],"curies":[{"name":"wp","href":"https:\/\/api.w.org\/{rel}","templated":true}]}}