{"id":3849,"date":"2024-09-07T05:00:56","date_gmt":"2024-09-07T05:00:56","guid":{"rendered":"https:\/\/ayto4.accesia.info\/?page_id=3849"},"modified":"2024-10-04T18:00:25","modified_gmt":"2024-10-04T18:00:25","slug":"serveis-socials","status":"publish","type":"page","link":"https:\/\/sellent.es\/es\/serveis\/serveis-socials\/","title":{"rendered":"Servicios sociales"},"content":{"rendered":"<!--themify_builder_content-->\n<div id=\"themify_builder_content-3849\" data-postid=\"3849\" class=\"themify_builder_content themify_builder_content-3849 themify_builder tf_clear\">\n                    <div  data-css_id=\"my1r474\" data-lazy=\"1\" class=\"module_row themify_builder_row fullwidth_row_container tb_my1r474 tb_first tf_w wow\" data-tf-animation=\"fadeIn\">\n            <span  class=\"builder_row_cover tf_abs\" data-lazy=\"1\"><\/span>            <div class=\"row_inner col_align_top tb_col_count_1 tf_box tf_rel\">\n                        <div  data-lazy=\"1\" class=\"module_column tb-column col-full tb_qa2x700 first\">\n                    <!-- module text -->\n<div  class=\"module module-text tb_2uff113    wow\" data-tf-animation=\"fadeInUp\" data-lazy=\"1\">\n        <div  class=\"tb_text_wrap\">\n        <h1>Servicios sociales<\/h1>    <\/div>\n<\/div>\n<!-- \/module text -->        <\/div>\n                        <\/div>\n        <\/div>\n                        <div  data-lazy=\"1\" class=\"module_row themify_builder_row tb_tpab48 tf_w\">\n                        <div class=\"row_inner col_align_top tb_col_count_1 tf_box tf_rel\">\n                        <div  data-lazy=\"1\" class=\"module_column tb-column col-full tb_lgsi48 first\">\n                            <div  data-lazy=\"1\" class=\"module_subrow themify_builder_sub_row tf_w col_align_top tb_col_count_2 tb_ilh948\">\n                <div  data-lazy=\"1\" class=\"module_column sub_column col4-1 tb_wpdp48 first\">\n                    <!-- module image -->\n<div  class=\"module module-image tb_zk8p48 image-center   tf_mw\" data-lazy=\"1\" id=\"Sanitat-icona-mans\">\n        <div class=\"image-wrap tf_rel tf_mw\">\n            <img loading=\"lazy\" decoding=\"async\" src=\"https:\/\/sellent.websaccesibles.eu\/wp-content\/uploads\/sites\/15\/2022\/08\/ayuda-medicamentos-1.jpg\" width=\"350\" height=\"351\" alt=\"Icona amb dues mans subjectant-se per les monyiques.\">    \n        <\/div>\n    <!-- \/image-wrap -->\n    \n        <\/div>\n<!-- \/module image -->        <\/div>\n                    <div  data-lazy=\"1\" class=\"module_column sub_column col4-3 tb_z2p348 last\">\n                    <!-- module plain text -->\n<div  class=\"module module-plain-text tb_yyt148\" data-lazy=\"1\">\n        <div class=\"tb_text_wrap\">\n    <h3><b>\n\tSERVICIOS DE MEDIACI\u00d3N\n<\/b><\/h3>\n    <\/div>\n<\/div>\n<!-- \/module plain text --><!-- module plain text -->\n<div  class=\"module module-plain-text tb_1rdg48\" data-lazy=\"1\">\n        <div class=\"tb_text_wrap\">\n    \n\nServicio de Mediaci\u00f3n e Intermediaci\u00f3n en problem\u00e1ticas hipotecarias y desahucios. Asesoramiento jur\u00eddico, intermediaci\u00f3n y negociaci\u00f3n sobre pr\u00e9stamos y prevenci\u00f3n de desahucios. Facilitando soluciones \u00fatiles y viables que ayuden a las personas a superar de forma positiva las problem\u00e1ticas hipotecarias y familiares.    <\/div>\n<\/div>\n<!-- \/module plain text -->        <\/div>\n                    <\/div>\n                <div  data-lazy=\"1\" class=\"module_subrow themify_builder_sub_row tf_w col_align_top tb_col_count_2 tb_u4et48\">\n                <div  data-lazy=\"1\" class=\"module_column sub_column col4-2 tb_k6pe48 first\">\n                    <!-- module image -->\n<div  class=\"module module-image tb_soj848 image-center   tf_mw\" data-lazy=\"1\" id=\"Sanitat-icona-figures\">\n        <div class=\"image-wrap tf_rel tf_mw\">\n            <img loading=\"lazy\" decoding=\"async\" src=\"https:\/\/sellent.websaccesibles.eu\/wp-content\/uploads\/sites\/15\/2022\/08\/familia_1-1.jpg\" width=\"121\" height=\"124\" alt=\"Icona amb quatre figures de diferents colors.\">    \n        <\/div>\n    <!-- \/image-wrap -->\n    \n        <\/div>\n<!-- \/module image -->        <\/div>\n                    <div  data-lazy=\"1\" class=\"module_column sub_column col4-2 tb_fpny48 last\">\n                    <!-- module plain text -->\n<div  class=\"module module-plain-text tb_cbmt48\" data-lazy=\"1\">\n        <div class=\"tb_text_wrap\">\n    <h3><b>EQUIPOS ESPEC\u00cdFICOS DE INTERVENCI\u00d3N EN INFANCIA Y ADOLESCENCIA (EEIIA)<\/b><\/h3>    <\/div>\n<\/div>\n<!-- \/module plain text --><!-- module text -->\n<div  class=\"module module-text tb_2hla48\" data-lazy=\"1\">\n        <div  class=\"tb_text_wrap\">\n        <p>Es un servicio especializado de atenci\u00f3n a familias con menores en situaci\u00f3n de riesgo: conflictos entre padres e hijos, problemas de pareja, separaciones conflictivas, dificultad para establecer pautas educativas, patrones de interacci\u00f3n violentos, etc. Son prioritarios los casos de familias en las que se ha aplicado una medida de protecci\u00f3n para los menores (acogimiento residencial o con una familia), a fin de intervenir para favorecer su retorno con la familia biol\u00f3gica.<\/p>\n<p>El EEIIA est\u00e1 formado por un equipo interdisciplinario (psic\u00f3loga y educadora) que act\u00faa en los casos derivados por los Servicios Sociales municipales o por la Consejer\u00eda de Justicia y Bienestar Social.<\/p>\n<p>Los municipios que forman nuestra mancomunidad disfrutan de este servicio por encontrarse adheridos a la Mancomunidad de la Ribera Alta de Alzira, a trav\u00e9s de convenios colaborativos.<\/p>\n<p>Enlaces al sistema de Servicios Sociales de la Mancomunidad de Alc\u00e1ntera, C\u00e1rcer, Cotes y Sellent:\u00a0<\/p>    <\/div>\n<\/div>\n<!-- \/module text -->        <\/div>\n                    <\/div>\n                <div  data-lazy=\"1\" class=\"module_subrow themify_builder_sub_row tf_w col_align_top tb_col_count_2 tb_yoxd48\">\n                <div  data-lazy=\"1\" class=\"module_column sub_column col4-1 tb_0g4z48 first\">\n                    <!-- module image -->\n<div  class=\"module module-image tb_bg3w48 image-center   tf_mw\" data-lazy=\"1\" id=\"Sanitat-dona-dona\">\n        <div class=\"image-wrap tf_rel tf_mw\">\n            <img loading=\"lazy\" decoding=\"async\" src=\"https:\/\/sellent.websaccesibles.eu\/wp-content\/uploads\/sites\/15\/2022\/08\/serveis-socials-1.jpg\" width=\"358\" height=\"345\" alt=\"Icona amb una dona fent costat a una altra dona.\">    \n        <\/div>\n    <!-- \/image-wrap -->\n    \n        <\/div>\n<!-- \/module image -->        <\/div>\n                    <div  data-lazy=\"1\" class=\"module_column sub_column col4-3 tb_uf2248 last\">\n                    <!-- module plain text -->\n<div  class=\"module module-plain-text tb_555g48\" data-lazy=\"1\">\n        <div class=\"tb_text_wrap\">\n    <h3><b>\n\tSERVICIOS\/PROGRAMAS PRESTADOS PARA EL EQUIPO DE SERVICIOS SOCIALES\n<\/b><\/h3>\n    <\/div>\n<\/div>\n<!-- \/module plain text --><!-- module text -->\n<div  class=\"module module-text tb_yeyw48\" data-lazy=\"1\">\n        <div  class=\"tb_text_wrap\">\n        <p>Los Servicios Sociales son el conjunto de actuaciones orientadas a mejorar el bienestar social de la ciudadan\u00eda mediante la prestaci\u00f3n de informaci\u00f3n, atenci\u00f3n y soporte personal.<\/p>\n<div>\n<ul>\n<li>INFORMACI\u00d3N Y ORIENTACI\u00d3NAYUDA A DOMICILIO<\/li>\n<li><span style=\"white-space: pre-wrap;\">EMERGENCIA SOCIAL<br><\/span><\/li>\n<li><span style=\"white-space: pre-wrap;\">CONVIVENCIA<\/span><\/li>\n<li><span style=\"white-space: pre-wrap;\">ABSENTISMO ESCOLAR<br><\/span><\/li>\n<li><span style=\"white-space: pre-wrap;\">ATENCI\u00d3N A LA DEPENDENCIA<br><\/span><\/li>\n<li><span style=\"white-space: pre-wrap;\">RENTA VALENCIANA B\u00c1SICA DE INCLUSI\u00d3N<\/span><\/li>\n<\/ul>\n<\/div>    <\/div>\n<\/div>\n<!-- \/module text -->        <\/div>\n                    <\/div>\n                <div  data-lazy=\"1\" class=\"module_subrow themify_builder_sub_row tf_w col_align_top tb_col_count_2 tb_dsar48\">\n                <div  data-lazy=\"1\" class=\"module_column sub_column col4-1 tb_c2sp48 first\">\n                    <!-- module image -->\n<div  class=\"module module-image tb_rf2w48 image-center   tf_mw\" data-lazy=\"1\" id=\"Sanitat-banc-aliments\">\n        <div class=\"image-wrap tf_rel tf_mw\">\n            <img loading=\"lazy\" decoding=\"async\" src=\"https:\/\/sellent.websaccesibles.eu\/wp-content\/uploads\/sites\/15\/2022\/08\/banco_de_alimentos_0-1.jpg\" width=\"399\" height=\"357\" alt=\"Logotip del banc d&#039;aliments.\">    \n        <\/div>\n    <!-- \/image-wrap -->\n    \n        <\/div>\n<!-- \/module image -->        <\/div>\n                    <div  data-lazy=\"1\" class=\"module_column sub_column col4-3 tb_47ef48 last\">\n                    <!-- module plain text -->\n<div  class=\"module module-plain-text tb_qmjz48\" data-lazy=\"1\">\n        <div class=\"tb_text_wrap\">\n    <h3><b>\n\tBANCO DE ALIMENTOS\n<\/b><\/h3>\n    <\/div>\n<\/div>\n<!-- \/module plain text --><!-- module text -->\n<div  class=\"module module-text tb_mthx48\" data-lazy=\"1\">\n        <div  class=\"tb_text_wrap\">\n        <p>Somos una organizaci\u00f3n asociada de reparto, por lo que damos la informaci\u00f3n, recibimos las solicitudes y hacemos tres repartos cada a\u00f1o de alimentos.<\/p>    <\/div>\n<\/div>\n<!-- \/module text -->        <\/div>\n                    <\/div>\n                <div  data-lazy=\"1\" class=\"module_subrow themify_builder_sub_row tf_w col_align_top tb_col_count_2 tb_nd3248\">\n                <div  data-lazy=\"1\" class=\"module_column sub_column col4-1 tb_q6yg48 first\">\n                    <!-- module image -->\n<div  class=\"module module-image tb_p25148 image-center   tf_mw\" data-lazy=\"1\" id=\"Sanitat-treball-ordinador\">\n        <div class=\"image-wrap tf_rel tf_mw\">\n            <img loading=\"lazy\" decoding=\"async\" src=\"https:\/\/sellent.websaccesibles.eu\/wp-content\/uploads\/sites\/15\/2022\/08\/serveis-treball-1.jpg\" width=\"353\" height=\"353\" alt=\"Icona amb dues persones treballant davant de dos ordinadors.\">    \n        <\/div>\n    <!-- \/image-wrap -->\n    \n        <\/div>\n<!-- \/module image -->        <\/div>\n                    <div  data-lazy=\"1\" class=\"module_column sub_column col4-3 tb_r4k948 last\">\n                    <!-- module plain text -->\n<div  class=\"module module-plain-text tb_rw3u48\" data-lazy=\"1\">\n        <div class=\"tb_text_wrap\">\n    <h3><b>\n\tTRABAJOS EN BENEFICIO DE LA COMUNIDAD\n<\/b><\/h3>\n    <\/div>\n<\/div>\n<!-- \/module plain text --><!-- module text -->\n<div  class=\"module module-text tb_66dz48\" data-lazy=\"1\">\n        <div  class=\"tb_text_wrap\">\n        <p>Cada uno de los municipios que forman parte de la mancomunidad son entidades colaboradoras para poder llevar a cabo planes de ejecuci\u00f3n de pena.<br><br>Los trabajos en beneficio de la comunidad (TBC) son una pena privativa de derechos, que Servicios Sociales y la Administraci\u00f3n Local, debidamente coordinados con la Administraci\u00f3n Penitenciaria, podr\u00e1n establecer el tipo de actividades y el tiempo de cumplimiento que llevar\u00e1n a cabo los penados en el municipio correspondiente.<\/p>    <\/div>\n<\/div>\n<!-- \/module text -->        <\/div>\n                    <\/div>\n                <\/div>\n                        <\/div>\n        <\/div>\n        <\/div>\n<!--\/themify_builder_content-->","protected":false},"excerpt":{"rendered":"<p>Serveis socials SERVEIS DE MEDIACI\u00d3 Servei de Mediaci\u00f3 i Intermediaci\u00f3 en problem\u00e0tiques hipotec\u00e0ries i desnonaments. Assessorament jur\u00eddic, intermediaci\u00f3 i negociaci\u00f3 sobre pr\u00e9stecs i prevenci\u00f3 de desnonaments. Facilitant solucions \u00fatils i viables que ajuden a les persones a superar de forma positiva les problem\u00e0tiques hipotec\u00e0ries i familiars. EQUIPS ESPEC\u00cdFICS D&#8217;INTERVENCI\u00d3 A INF\u00c0NCIA I ADOLESC\u00c8NCIA (EEIIA) \u00c9s [&hellip;]<\/p>\n","protected":false},"author":1,"featured_media":0,"parent":33,"menu_order":0,"comment_status":"closed","ping_status":"closed","template":"","meta":{"footnotes":""},"class_list":["post-3849","page","type-page","status-publish","hentry","has-post-title","has-post-date","has-post-category","has-post-tag","has-post-comment","has-post-author",""],"builder_content":"<h1>Serveis socials<\/h1>\n<img src=\"https:\/\/sellent.websaccesibles.eu\/wp-content\/uploads\/sites\/15\/2022\/08\/ayuda-medicamentos-1.jpg\" width=\"350\" height=\"351\" alt=\"Icona amb dues mans subjectant-se per les monyiques.\">\n<h3><b> SERVEIS DE MEDIACI\u00d3 <\/b><\/h3>\nServei de Mediaci\u00f3 i Intermediaci\u00f3 en problem\u00e0tiques hipotec\u00e0ries i desnonaments. Assessorament jur\u00eddic, intermediaci\u00f3 i negociaci\u00f3 sobre pr\u00e9stecs i prevenci\u00f3 de desnonaments. Facilitant solucions \u00fatils i viables que ajuden a les persones a superar de forma positiva les problem\u00e0tiques hipotec\u00e0ries i familiars.\n<img src=\"https:\/\/sellent.websaccesibles.eu\/wp-content\/uploads\/sites\/15\/2022\/08\/familia_1-1.jpg\" width=\"121\" height=\"124\" alt=\"Icona amb quatre figures de diferents colors.\">\n<h3><b>EQUIPS ESPEC\u00cdFICS D'INTERVENCI\u00d3 A INF\u00c0NCIA I ADOLESC\u00c8NCIA (EEIIA)<\/b><\/h3>\n<p>\u00c9s un servei especialitzat d\u2019atenci\u00f3 a fam\u00edlies amb menors en situaci\u00f3 de risc: conflictes entre pares i fills, problemes de parella, separacions conflictives, dificultat a l\u2019hora d\u2019establir pautes educatives, patrons d\u2019interacci\u00f3 violents, etc. S\u00f3n prioritaris els casos de fam\u00edlies en qu\u00e8 s\u2019ha aplicat una mesura de protecci\u00f3 per als menors (acolliment residencial o amb una fam\u00edlia), a fi d\u2019intervindre per afavorir el seu retorn amb la fam\u00edlia biol\u00f2gica.<\/p> <p>L'EEIIA est\u00e0 format per un equip interdisciplinari (psic\u00f2loga i educadora) que actua en els casos derivats pels Serveis Socials municipals o per la Conselleria de Just\u00edcia i Benestar Social.<\/p> <p>Els municipis que formen la nostra mancomunitat gaudeixen d\u00b4aquest servei per trobar-se adherits a la Mancomunitat de la Ribera Alta d\u2019Alzira, a trav\u00e9s de convenis col\u00b7laboratius.<\/p> <p>Enlla\u00e7os al sistema de Serveis Socials de la Mancomunitat d' Alc\u00e0ntera, C\u00e0rcer, Cotes i Sellent:\u00a0<\/p>\n<img src=\"https:\/\/sellent.websaccesibles.eu\/wp-content\/uploads\/sites\/15\/2022\/08\/serveis-socials-1.jpg\" width=\"358\" height=\"345\" alt=\"Icona amb una dona fent costat a una altra dona.\">\n<h3><b> SERVEIS\/PROGRAMES PRESTATS PER A L'EQUIP DE SERVEIS SOCIALS <\/b><\/h3>\n<p>Els Serveis Socials s\u00f3n el conjunt d'actuacions orientades a millorar el benestar social de la ciutadania mitjan\u00e7ant la prestaci\u00f3 d'informaci\u00f3, atenci\u00f3 i suport personal.<\/p>\n<ul> <li>INFORMACI\u00d3 I ORIENTACI\u00d3AJUDA A DOMICILI<\/li> <li>EMERG\u00c8NCIA SOCIAL<br><\/li> <li>CONVIV\u00c8NCIA<\/li> <li>ABSENTISME ESCOLAR<br><\/li> <li>ATENCI\u00d3 A LA DEPEND\u00c8NCIA<br><\/li> <li>RENDA VALENCIANA B\u00c0SICA D'INCLUSI\u00d3<\/li> <\/ul>\n<img src=\"https:\/\/sellent.websaccesibles.eu\/wp-content\/uploads\/sites\/15\/2022\/08\/banco_de_alimentos_0-1.jpg\" width=\"399\" height=\"357\" alt=\"Logotip del banc d&#039;aliments.\">\n<h3><b> BANC D'ALIMENTS <\/b><\/h3>\n<p>Som una organitzaci\u00f3 associada de repartiment, pel que donem la informaci\u00f3, rebem les sol\u00b7licituds i fem tres repartiments cada any d'aliments.<\/p>\n<img src=\"https:\/\/sellent.websaccesibles.eu\/wp-content\/uploads\/sites\/15\/2022\/08\/serveis-treball-1.jpg\" width=\"353\" height=\"353\" alt=\"Icona amb dues persones treballant davant de dos ordinadors.\">\n<h3><b> TREBALLS EN BENEFICI DE LA COMUNITAT <\/b><\/h3>\n<p>Cadascun dels municipis que formen part de la mancomunitat s\u00f3n entitats col\u00b7laboradores per a poder portar endavant plans d'execuci\u00f3 de pena.<br><br>Els treballs en benefici de la comunitat (TBC) s\u00f3n una pena privativa de drets, que Serveis Socials i l'Administraci\u00f3 Local, degudament coordinats amb l'Administraci\u00f3 Penitenci\u00e0ria, podran establir el tipus d'activitats i el temps de compliment que duran a terme els penats al municipi corresponent.<\/p>","_links":{"self":[{"href":"https:\/\/sellent.es\/es\/wp-json\/wp\/v2\/pages\/3849","targetHints":{"allow":["GET"]}}],"collection":[{"href":"https:\/\/sellent.es\/es\/wp-json\/wp\/v2\/pages"}],"about":[{"href":"https:\/\/sellent.es\/es\/wp-json\/wp\/v2\/types\/page"}],"author":[{"embeddable":true,"href":"https:\/\/sellent.es\/es\/wp-json\/wp\/v2\/users\/1"}],"replies":[{"embeddable":true,"href":"https:\/\/sellent.es\/es\/wp-json\/wp\/v2\/comments?post=3849"}],"version-history":[{"count":19,"href":"https:\/\/sellent.es\/es\/wp-json\/wp\/v2\/pages\/3849\/revisions"}],"predecessor-version":[{"id":4339,"href":"https:\/\/sellent.es\/es\/wp-json\/wp\/v2\/pages\/3849\/revisions\/4339"}],"up":[{"embeddable":true,"href":"https:\/\/sellent.es\/es\/wp-json\/wp\/v2\/pages\/33"}],"wp:attachment":[{"href":"https:\/\/sellent.es\/es\/wp-json\/wp\/v2\/media?parent=3849"}],"curies":[{"name":"wp","href":"https:\/\/api.w.org\/{rel}","templated":true}]}}