{"id":3855,"date":"2024-09-07T05:02:57","date_gmt":"2024-09-07T05:02:57","guid":{"rendered":"https:\/\/ayto4.accesia.info\/?page_id=3855"},"modified":"2024-10-04T18:01:13","modified_gmt":"2024-10-04T18:01:13","slug":"cultura","status":"publish","type":"page","link":"https:\/\/sellent.es\/es\/serveis\/cultura\/","title":{"rendered":"Cultura"},"content":{"rendered":"<!--themify_builder_content-->\n<div id=\"themify_builder_content-3855\" data-postid=\"3855\" class=\"themify_builder_content themify_builder_content-3855 themify_builder tf_clear\">\n                    <div  data-css_id=\"my1r474\" data-lazy=\"1\" class=\"module_row themify_builder_row fullwidth_row_container tb_my1r474 tb_first tf_w wow\" data-tf-animation=\"fadeIn\">\n            <span  class=\"builder_row_cover tf_abs\" data-lazy=\"1\"><\/span>            <div class=\"row_inner col_align_top tb_col_count_1 tf_box tf_rel\">\n                        <div  data-lazy=\"1\" class=\"module_column tb-column col-full tb_qa2x700 first\">\n                    <!-- module text -->\n<div  class=\"module module-text tb_2uff113    wow\" data-tf-animation=\"fadeInUp\" data-lazy=\"1\">\n        <div  class=\"tb_text_wrap\">\n        <h1>Cultura<\/h1>    <\/div>\n<\/div>\n<!-- \/module text -->        <\/div>\n                        <\/div>\n        <\/div>\n                        <div  data-lazy=\"1\" class=\"module_row themify_builder_row tb_a779300 tf_w\">\n                        <div class=\"row_inner col_align_top tb_col_count_1 tf_box tf_rel\">\n                        <div  data-lazy=\"1\" class=\"module_column tb-column col-full tb_f33k222 first\">\n                    <!-- module text -->\n<div  class=\"module module-text tb_27u9143\" data-lazy=\"1\">\n        <div  class=\"tb_text_wrap\">\n        <p>La cultura es fuente de vida. De conocimiento y crecimiento, tanto a nivel individual como colectivo. Por eso es una obligaci\u00f3n de las administraciones locales potenciar la cultura para situarla como eje de la sociedad, como herramienta de cohesi\u00f3n y de identidad. En Sellent amamos la cultura y trabajamos a diario para que est\u00e9 presente.<\/p>    <\/div>\n<\/div>\n<!-- \/module text -->        <\/div>\n                        <\/div>\n        <\/div>\n                        <div  data-lazy=\"1\" class=\"module_row themify_builder_row tb_cpso403 tf_w\">\n                        <div class=\"row_inner col_align_top tb_col_count_2 tf_box tf_rel\">\n                        <div  data-lazy=\"1\" class=\"module_column tb-column col4-2 tb_relb400 first\">\n                    <!-- module text -->\n<div  class=\"module module-text tb_8ic2720\" data-lazy=\"1\">\n        <div  class=\"tb_text_wrap\">\n        <h2>biblioteca<\/h2>    <\/div>\n<\/div>\n<!-- \/module text --><!-- module text -->\n<div  class=\"module module-text tb_fa64780\" data-lazy=\"1\">\n        <div  class=\"tb_text_wrap\">\n        <p>Direcci\u00f3n:\u00a0<a class=\"pauZoomLink pau-no-resaltar\" tabindex=\"2\" href=\"https:\/\/goo.gl\/maps\/Z6t8E29eq4xtCAeP6\" target=\"_blank\" rel=\"noopener\"><u>Av. Pa\u00eds Valenciano, 9 Sellent<\/u><\/a><br><br>Para m\u00e1s informaci\u00f3n,\u00a0<a class=\"pauZoomLink pau-no-resaltar\" tabindex=\"2\" href=\"\/es\/contacte\/\"><u>contacta<\/u><\/a>\u00a0con el ayuntamiento.<\/p>    <\/div>\n<\/div>\n<!-- \/module text --><!-- module buttons -->\n<div  class=\"module module-buttons tb_eb8e000 buttons-horizontal solid  large squared buttons-fullwidth\" data-lazy=\"1\">\n        <div class=\"module-buttons-item tf_in_flx\">\n                        <a href=\"https:\/\/www.google.es\/maps\/place\/Av.+Pa%C3%ADs+Valencia,+9,+46295+Sellent,+Valencia\/@39.0336133,-0.5890874,17z\/data=!3m1!4b1!4m5!3m4!1s0xd61a08ea82b2507:0x1420d151b5a6f93e!8m2!3d39.0336092!4d-0.5868987?hl=es&#038;shorturl=1\" class=\"ui builder_button tf_in_flx blue\" target=\"_blank\" rel=\"noopener\">\n                                    <em><svg  class=\"tf_fa tf-la-map-marker-solid\" aria-hidden=\"true\"><use href=\"#tf-la-map-marker-solid\"><\/use><\/svg><\/em>                                        Direcci\u00f3n de la biblioteca de sellente                                        <\/a>\n                <\/div>\n            <\/div>\n<!-- \/module buttons -->\n        <\/div>\n                    <div  data-lazy=\"1\" class=\"module_column tb-column col4-2 tb_vksk447 last\">\n                    <!-- module image -->\n<div  class=\"module module-image tb_uchl470 image-top rounded bordered  tf_mw\" data-lazy=\"1\">\n        <div class=\"image-wrap tf_rel tf_mw\">\n            <img loading=\"lazy\" decoding=\"async\" src=\"https:\/\/sellent.es\/wp-content\/uploads\/2024\/08\/SALA_ADULTOS_-1024x768-554x442.jpeg\" width=\"554\" height=\"442\" class=\"wp-post-image wp-image-238\" title=\"SALA_ADULTOS_\" alt=\"SALA_ADULTOS_\">    \n        <\/div>\n    <!-- \/image-wrap -->\n    \n        <\/div>\n<!-- \/module image -->        <\/div>\n                        <\/div>\n        <\/div>\n                        <div  data-lazy=\"1\" class=\"module_row themify_builder_row tb_2y3o562 tf_w\">\n                        <div class=\"row_inner col_align_top tb_col_count_2 tf_box tf_rel\">\n                        <div  data-lazy=\"1\" class=\"module_column tb-column col4-2 tb_xs6g562 first\">\n                    <!-- module text -->\n<div  class=\"module module-text tb_fbqz562\" data-lazy=\"1\">\n        <div  class=\"tb_text_wrap\">\n        <h2>Programaci\u00f3n cultural 2024<\/h2>    <\/div>\n<\/div>\n<!-- \/module text --><!-- module text -->\n<div  class=\"module module-text tb_4fwn562\" data-lazy=\"1\">\n        <div  class=\"tb_text_wrap\">\n        <ul>\n<li><strong>1 de Mayo<\/strong>: Juegos Tradicionales<\/li>\n<li><strong>22 de Junio<\/strong>: Magia para los m\u00e1s peque\u00f1os<\/li>\n<li><strong>29 de Junio<\/strong>: Xanan teatro: &#039;Tartaja&#039;<\/li>\n<li><strong>13 de Julio<\/strong>: Animaci\u00f3n infantil &#039;Canti Canti&#039;<\/li>\n<li><strong>10 de Agosto<\/strong>: Mon\u00f3logo Arnau Soler y Gracia Puig<\/li>\n<li><strong>21 de Septiembre<\/strong>: Taller de cocina<\/li>\n<li><strong>9 de Noviembre<\/strong>: Xana teatro &#039;Ser mujer&#039;<\/li>\n<li><strong>16 de Diciembre<\/strong>: Taller de artesan\u00eda: Centros de mesa<\/li>\n<li><strong>26, 27, 30, 31 de Diciembre<\/strong>: Taller de decoraci\u00f3n navide\u00f1a para ni\u00f1os<\/li>\n<\/ul>    <\/div>\n<\/div>\n<!-- \/module text -->        <\/div>\n                    <div  data-lazy=\"1\" class=\"module_column tb-column col4-2 tb_yx7t562 last\">\n                    <!-- module image -->\n<div  class=\"module module-image tb_rqit562 image-top rounded bordered  auto_fullwidth tf_mw\" data-lazy=\"1\">\n        <div class=\"image-wrap tf_rel tf_mw\">\n            <img loading=\"lazy\" decoding=\"async\" src=\"https:\/\/sellent.es\/wp-content\/uploads\/2022\/08\/SPINISH-CIRCO-1024x683-1-329x453.jpg\" width=\"329\" height=\"453\" class=\"wp-post-image wp-image-797\" title=\"Circo Spinish\" alt=\"Imatge informativa not\u00edcia: circ Spinish\">    \n        <\/div>\n    <!-- \/image-wrap -->\n    \n        <\/div>\n<!-- \/module image -->        <\/div>\n                        <\/div>\n        <\/div>\n        <\/div>\n<!--\/themify_builder_content-->","protected":false},"excerpt":{"rendered":"<p>Cultura La cultura \u00e9s font de vida. De coneixement i creixement, tant a nivell individual com col\u00b7lectiu. \u00c9s per aix\u00f2 que \u00e9s una obligaci\u00f3 de les administracions locals potenciar la cultura per situar-la com a eix de la societat, com a ferramenta de cohesi\u00f3 i d\u2019identitat. A Sellent estimem la cultura i treballem a diari [&hellip;]<\/p>\n","protected":false},"author":1,"featured_media":0,"parent":33,"menu_order":0,"comment_status":"closed","ping_status":"closed","template":"","meta":{"footnotes":""},"class_list":["post-3855","page","type-page","status-publish","hentry","has-post-title","has-post-date","has-post-category","has-post-tag","has-post-comment","has-post-author",""],"builder_content":"<h1>Cultura<\/h1>\n<p>La cultura \u00e9s font de vida. De coneixement i creixement, tant a nivell individual com col\u00b7lectiu. \u00c9s per aix\u00f2 que \u00e9s una obligaci\u00f3 de les administracions locals potenciar la cultura per situar-la com a eix de la societat, com a ferramenta de cohesi\u00f3 i d\u2019identitat. A Sellent estimem la cultura i treballem a diari perqu\u00e8 estiga present.<\/p>\n<h2>biblioteca<\/h2>\n<p>Adre\u00e7a:\u00a0<a tabindex=\"2\" href=\"https:\/\/goo.gl\/maps\/Z6t8E29eq4xtCAeP6\" target=\"_blank\" rel=\"noopener\"><u>Av. Pa\u00eds Valenci\u00e0, 9 Sellent<\/u><\/a><br><br>Per a m\u00e9s informaci\u00f3,\u00a0<a tabindex=\"2\" href=\"\/contacte\/\"><u>contacta<\/u><\/a>\u00a0amb l\u2019ajuntament.<\/p>\n<a href=\"https:\/\/www.google.es\/maps\/place\/Av.+Pa%C3%ADs+Valencia,+9,+46295+Sellent,+Valencia\/@39.0336133,-0.5890874,17z\/data=!3m1!4b1!4m5!3m4!1s0xd61a08ea82b2507:0x1420d151b5a6f93e!8m2!3d39.0336092!4d-0.5868987?hl=es&#038;shorturl=1\" target=\"_blank\" rel=\"noopener\"> <em><svg aria-hidden=\"true\"><use href=\"#tf-la-map-marker-solid\"><\/use><\/svg><\/em> Direcci\u00f3 de la biblioteca de sellent <\/a>\n<img src=\"https:\/\/sellent.es\/wp-content\/uploads\/2024\/08\/SALA_ADULTOS_-1024x768-554x442.jpeg\" width=\"554\" height=\"442\" title=\"SALA_ADULTOS_\" alt=\"SALA_ADULTOS_\">\n<h2>Programaci\u00f3 cultural 2024<\/h2>\n<ul> <li><strong>1 de Maig<\/strong>: Jocs Tradicionals<\/li> <li><strong>22 de Juny<\/strong>: M\u00e0gia per als m\u00e9s menuts<\/li> <li><strong>29 de Juny<\/strong>: Xanan teatre: \u2018Tartaja\u2019<\/li> <li><strong>13 de Juliol<\/strong>: Animaci\u00f3 infantil \u2018Canti Canti\u2019<\/li> <li><strong>10 d\u2019Agost<\/strong>: Mon\u00f2leg Arnau Soler i Gracia Puig<\/li> <li><strong>21 de Setembre<\/strong>: Taller de cuina<\/li> <li><strong>9 de Novembre<\/strong>: Xana teatre \u2018Ser dona\u2019<\/li> <li><strong>16 de Desembre<\/strong>: Taller d\u2019artesania: Centres de taula<\/li> <li><strong>26, 27, 30, 31 de Desembre<\/strong>: Taller de decoraci\u00f3 nadalenca per a xiquets<\/li> <\/ul>\n<img src=\"https:\/\/sellent.es\/wp-content\/uploads\/2022\/08\/SPINISH-CIRCO-1024x683-1-329x453.jpg\" width=\"329\" height=\"453\" title=\"Circ Spinish\" alt=\"Imatge informativa not\u00edcia: circ Spinish\">","_links":{"self":[{"href":"https:\/\/sellent.es\/es\/wp-json\/wp\/v2\/pages\/3855","targetHints":{"allow":["GET"]}}],"collection":[{"href":"https:\/\/sellent.es\/es\/wp-json\/wp\/v2\/pages"}],"about":[{"href":"https:\/\/sellent.es\/es\/wp-json\/wp\/v2\/types\/page"}],"author":[{"embeddable":true,"href":"https:\/\/sellent.es\/es\/wp-json\/wp\/v2\/users\/1"}],"replies":[{"embeddable":true,"href":"https:\/\/sellent.es\/es\/wp-json\/wp\/v2\/comments?post=3855"}],"version-history":[{"count":23,"href":"https:\/\/sellent.es\/es\/wp-json\/wp\/v2\/pages\/3855\/revisions"}],"predecessor-version":[{"id":4342,"href":"https:\/\/sellent.es\/es\/wp-json\/wp\/v2\/pages\/3855\/revisions\/4342"}],"up":[{"embeddable":true,"href":"https:\/\/sellent.es\/es\/wp-json\/wp\/v2\/pages\/33"}],"wp:attachment":[{"href":"https:\/\/sellent.es\/es\/wp-json\/wp\/v2\/media?parent=3855"}],"curies":[{"name":"wp","href":"https:\/\/api.w.org\/{rel}","templated":true}]}}