{"id":3859,"date":"2024-09-07T05:04:36","date_gmt":"2024-09-07T05:04:36","guid":{"rendered":"https:\/\/ayto4.accesia.info\/?page_id=3859"},"modified":"2024-10-04T17:37:46","modified_gmt":"2024-10-04T17:37:46","slug":"poble","status":"publish","type":"page","link":"https:\/\/sellent.es\/es\/poble\/","title":{"rendered":"Pueblo"},"content":{"rendered":"<!--themify_builder_content-->\n<div id=\"themify_builder_content-3859\" data-postid=\"3859\" class=\"themify_builder_content themify_builder_content-3859 themify_builder tf_clear\">\n                    <div  data-css_id=\"x3dx116\" data-lazy=\"1\" class=\"module_row themify_builder_row fullwidth_row_container tb_x3dx116 tb_first tf_w wow\" data-tf-animation=\"fadeIn\">\n            <span  class=\"builder_row_cover tf_abs\" data-lazy=\"1\"><\/span>            <div class=\"row_inner col_align_top tb_col_count_1 tf_box tf_rel\">\n                        <div  data-lazy=\"1\" class=\"module_column tb-column col-full tb_n1qs117 first\">\n                    <!-- module text -->\n<div  class=\"module module-text tb_2hag117    wow\" data-tf-animation=\"fadeInUp\" data-lazy=\"1\">\n        <div  class=\"tb_text_wrap\">\n        <h1>Pueblo<\/h1>    <\/div>\n<\/div>\n<!-- \/module text -->        <\/div>\n                        <\/div>\n        <\/div>\n                        <div  data-lazy=\"1\" class=\"module_row themify_builder_row tb_2dl7941 tf_w\">\n                        <div class=\"row_inner col_align_top tb_col_count_1 tf_box tf_rel\">\n                        <div  data-lazy=\"1\" class=\"module_column tb-column col-full tb_di5a941 first\">\n                            <div  data-lazy=\"1\" class=\"module_subrow themify_builder_sub_row tf_w col_align_top tb_col_count_2 tb_gid9941\">\n                <div  data-lazy=\"1\" class=\"module_column sub_column col4-2 tb_cutt941 first\">\n                    <!-- module image -->\n<div  class=\"module module-image tb_mn8x941 image-center   tf_mw wow\" data-tf-animation=\"fadeInRight\" data-lazy=\"1\">\n        <div class=\"image-wrap tf_rel tf_mw\">\n            <a href=\"https:\/\/sellent.es\/es\/poble\/historia\/\">\n                   <img decoding=\"async\" src=\"https:\/\/sellent.es\/wp-content\/uploads\/2024\/09\/historia-destacados.svg\" width=\"90\" class=\"wp-post-image wp-image-4164\" title=\"Historia\" alt=\"Resum dels esdeveniments hist\u00f2rics m\u00e9s importants de Sellent, des dels seus or\u00edgens fins a l&#039;actualitat.\">        <\/a>\n    \n        <\/div>\n    <!-- \/image-wrap -->\n    \n        <div class=\"image-content\">\n                    <h3 class=\"image-title\">\n                                    <a href=\"https:\/\/sellent.es\/es\/poble\/historia\/\">\n                        Historia                    <\/a>\n                            <\/h3>\n                        <div class=\"image-caption tb_text_wrap\">\n            Resumen de los eventos hist\u00f3ricos m\u00e1s importantes de Sellent, desde sus or\u00edgenes hasta la actualidad.        <\/div>\n        <!-- \/image-caption -->\n            <\/div>\n    <!-- \/image-content -->\n        <\/div>\n<!-- \/module image -->        <\/div>\n                    <div  data-lazy=\"1\" class=\"module_column sub_column col4-2 tb_zoy9941 last\">\n                    <!-- module image -->\n<div  class=\"module module-image tb_c111941 image-center   tf_mw wow\" data-tf-animation=\"fadeInRight\" data-lazy=\"1\">\n        <div class=\"image-wrap tf_rel tf_mw\">\n            <a href=\"https:\/\/sellent.es\/es\/serveis\/cultura\/\">\n                   <img decoding=\"async\" src=\"https:\/\/sellent.es\/wp-content\/uploads\/2024\/09\/cultura-destacados.svg\" width=\"90\" class=\"wp-post-image wp-image-4169\" title=\"Cultura\" alt=\"Activitats culturals, esdeveniments i iniciatives que promouen la vida cultural de Sellent, incloent tallers i exposicions.\">        <\/a>\n    \n        <\/div>\n    <!-- \/image-wrap -->\n    \n        <div class=\"image-content\">\n                    <h3 class=\"image-title\">\n                                    <a href=\"https:\/\/sellent.es\/es\/serveis\/cultura\/\">\n                        Cultura                    <\/a>\n                            <\/h3>\n                        <div class=\"image-caption tb_text_wrap\">\n            Actividades culturales, eventos e iniciativas que promueven la vida cultural de Sellent, incluyendo talleres y exposiciones.        <\/div>\n        <!-- \/image-caption -->\n            <\/div>\n    <!-- \/image-content -->\n        <\/div>\n<!-- \/module image -->        <\/div>\n                    <\/div>\n                <div  data-lazy=\"1\" class=\"module_subrow themify_builder_sub_row tf_w col_align_top tb_col_count_2 tb_wcsv167\">\n                <div  data-lazy=\"1\" class=\"module_column sub_column col4-2 tb_x04u941 first\">\n                    <!-- module image -->\n<div  class=\"module module-image tb_4cmd941 image-center   tf_mw wow\" data-tf-animation=\"fadeInRight\" data-lazy=\"1\">\n        <div class=\"image-wrap tf_rel tf_mw\">\n            <a href=\"https:\/\/sellent.es\/es\/poble\/patrimoni\/\">\n                   <img decoding=\"async\" src=\"https:\/\/sellent.es\/wp-content\/uploads\/2024\/09\/patrimonio-destacados.svg\" width=\"90\" class=\"wp-post-image wp-image-4163\" title=\"Patrimoni\" alt=\"Informaci\u00f3 sobre els monuments i llocs d&#039;inter\u00e8s hist\u00f2ric i arquitect\u00f2nic del municipi que formen part del seu patrimoni.\">        <\/a>\n    \n        <\/div>\n    <!-- \/image-wrap -->\n    \n        <div class=\"image-content\">\n                    <h3 class=\"image-title\">\n                                    <a href=\"https:\/\/sellent.es\/es\/poble\/patrimoni\/\">\n                        Patrimoni                    <\/a>\n                            <\/h3>\n                        <div class=\"image-caption tb_text_wrap\">\n            Informaci\u00f3n sobre los monumentos y sitios de inter\u00e9s hist\u00f3rico y arquitect\u00f3nico del municipio que forman parte de su patrimonio.        <\/div>\n        <!-- \/image-caption -->\n            <\/div>\n    <!-- \/image-content -->\n        <\/div>\n<!-- \/module image -->        <\/div>\n                    <div  data-lazy=\"1\" class=\"module_column sub_column col4-2 tb_3fpo167 last\">\n                    <!-- module image -->\n<div  class=\"module module-image tb_3fy1167 image-center   tf_mw wow\" data-tf-animation=\"fadeInLeft\" data-lazy=\"1\">\n        <div class=\"image-wrap tf_rel tf_mw\">\n            <a href=\"https:\/\/www.google.com\/maps\/place\/46295+Sellent,+Valencia\/@39.0321266,-0.5879296,17z\/data=!3m1!4b1!4m6!3m5!1s0xd61a089435dde4f:0xa87da7914e76f4af!8m2!3d39.0311708!4d-0.5878607!16s%2Fm%2F02q5kxv?entry=ttu&#038;g_ep=EgoyMDI0MDkxOC4xIKXMDSoASAFQAw%3D%3D\" rel=\"noopener\" target=\"_blank\">\n                   <img decoding=\"async\" src=\"https:\/\/sellent.es\/wp-content\/uploads\/2024\/09\/localizacion-destacados.svg\" width=\"90\" class=\"wp-post-image wp-image-4144\" title=\"Localizaci\u00f3n\" alt=\"Dades de localitzaci\u00f3 de Sellent, amb mapes, coordenades i informaci\u00f3 \u00fatil per a visitants.\">        <\/a>\n    \n        <\/div>\n    <!-- \/image-wrap -->\n    \n        <div class=\"image-content\">\n                    <h3 class=\"image-title\">\n                                    <a href=\"https:\/\/www.google.com\/maps\/place\/46295+Sellent,+Valencia\/@39.0321266,-0.5879296,17z\/data=!3m1!4b1!4m6!3m5!1s0xd61a089435dde4f:0xa87da7914e76f4af!8m2!3d39.0311708!4d-0.5878607!16s%2Fm%2F02q5kxv?entry=ttu&#038;g_ep=EgoyMDI0MDkxOC4xIKXMDSoASAFQAw%3D%3D\" rel=\"noopener\" target=\"_blank\">\n                        Localizaci\u00f3n                    <\/a>\n                            <\/h3>\n                        <div class=\"image-caption tb_text_wrap\">\n            Datos de localizaci\u00f3n de Sellent, con mapas, coordenadas e informaci\u00f3n \u00fatil para visitantes.        <\/div>\n        <!-- \/image-caption -->\n            <\/div>\n    <!-- \/image-content -->\n        <\/div>\n<!-- \/module image -->        <\/div>\n                    <\/div>\n                <\/div>\n                        <\/div>\n        <\/div>\n        <\/div>\n<!--\/themify_builder_content-->","protected":false},"excerpt":{"rendered":"<p>Poble Historia Resum dels esdeveniments hist\u00f2rics m\u00e9s importants de Sellent, des dels seus or\u00edgens fins a l&#8217;actualitat. Cultura Activitats culturals, esdeveniments i iniciatives que promouen la vida cultural de Sellent, incloent tallers i exposicions. Patrimoni Informaci\u00f3 sobre els monuments i llocs d&#8217;inter\u00e8s hist\u00f2ric i arquitect\u00f2nic del municipi que formen part del seu patrimoni. Localitzaci\u00f3 Dades [&hellip;]<\/p>\n","protected":false},"author":1,"featured_media":0,"parent":0,"menu_order":0,"comment_status":"closed","ping_status":"closed","template":"","meta":{"footnotes":""},"class_list":["post-3859","page","type-page","status-publish","hentry","has-post-title","has-post-date","has-post-category","has-post-tag","has-post-comment","has-post-author",""],"builder_content":"<h1>Poble<\/h1>\n<a href=\"https:\/\/sellent.es\/poble\/historia\/\"> <img src=\"https:\/\/sellent.es\/wp-content\/uploads\/2024\/09\/historia-destacados.svg\" width=\"90\" title=\"Historia\" alt=\"Resum dels esdeveniments hist\u00f2rics m\u00e9s importants de Sellent, des dels seus or\u00edgens fins a l&#039;actualitat.\"> <\/a> <h3> <a href=\"https:\/\/sellent.es\/poble\/historia\/\"> Historia <\/a> <\/h3> Resum dels esdeveniments hist\u00f2rics m\u00e9s importants de Sellent, des dels seus or\u00edgens fins a l'actualitat.\n<a href=\"https:\/\/sellent.es\/serveis\/cultura\/\"> <img src=\"https:\/\/sellent.es\/wp-content\/uploads\/2024\/09\/cultura-destacados.svg\" width=\"90\" title=\"Cultura\" alt=\"Activitats culturals, esdeveniments i iniciatives que promouen la vida cultural de Sellent, incloent tallers i exposicions.\"> <\/a> <h3> <a href=\"https:\/\/sellent.es\/serveis\/cultura\/\"> Cultura <\/a> <\/h3> Activitats culturals, esdeveniments i iniciatives que promouen la vida cultural de Sellent, incloent tallers i exposicions.\n<a href=\"https:\/\/sellent.es\/poble\/patrimoni\/\"> <img src=\"https:\/\/sellent.es\/wp-content\/uploads\/2024\/09\/patrimonio-destacados.svg\" width=\"90\" title=\"Patrimoni\" alt=\"Informaci\u00f3 sobre els monuments i llocs d&#039;inter\u00e8s hist\u00f2ric i arquitect\u00f2nic del municipi que formen part del seu patrimoni.\"> <\/a> <h3> <a href=\"https:\/\/sellent.es\/poble\/patrimoni\/\"> Patrimoni <\/a> <\/h3> Informaci\u00f3 sobre els monuments i llocs d'inter\u00e8s hist\u00f2ric i arquitect\u00f2nic del municipi que formen part del seu patrimoni.\n<a href=\"https:\/\/www.google.com\/maps\/place\/46295+Sellent,+Valencia\/@39.0321266,-0.5879296,17z\/data=!3m1!4b1!4m6!3m5!1s0xd61a089435dde4f:0xa87da7914e76f4af!8m2!3d39.0311708!4d-0.5878607!16s%2Fm%2F02q5kxv?entry=ttu&#038;g_ep=EgoyMDI0MDkxOC4xIKXMDSoASAFQAw%3D%3D\" rel=\"noopener\" target=\"_blank\"> <img src=\"https:\/\/sellent.es\/wp-content\/uploads\/2024\/09\/localizacion-destacados.svg\" width=\"90\" title=\"Localitzaci\u00f3\" alt=\"Dades de localitzaci\u00f3 de Sellent, amb mapes, coordenades i informaci\u00f3 \u00fatil per a visitants.\"> <\/a> <h3> <a href=\"https:\/\/www.google.com\/maps\/place\/46295+Sellent,+Valencia\/@39.0321266,-0.5879296,17z\/data=!3m1!4b1!4m6!3m5!1s0xd61a089435dde4f:0xa87da7914e76f4af!8m2!3d39.0311708!4d-0.5878607!16s%2Fm%2F02q5kxv?entry=ttu&#038;g_ep=EgoyMDI0MDkxOC4xIKXMDSoASAFQAw%3D%3D\" rel=\"noopener\" target=\"_blank\"> Localitzaci\u00f3 <\/a> <\/h3> Dades de localitzaci\u00f3 de Sellent, amb mapes, coordenades i informaci\u00f3 \u00fatil per a visitants.\n<a href=\"https:\/\/sellent.es\/poble\/historia\/\"> <img src=\"https:\/\/sellent.es\/wp-content\/uploads\/2024\/09\/historia-destacados.svg\" width=\"90\" title=\"Historia\" alt=\"Resum dels esdeveniments hist\u00f2rics m\u00e9s importants de Sellent, des dels seus or\u00edgens fins a l&#039;actualitat.\"> <\/a> <h3> <a href=\"https:\/\/sellent.es\/poble\/historia\/\"> Historia <\/a> <\/h3> Resum dels esdeveniments hist\u00f2rics m\u00e9s importants de Sellent, des dels seus or\u00edgens fins a l'actualitat.\n<a href=\"https:\/\/sellent.es\/serveis\/cultura\/\"> <img src=\"https:\/\/sellent.es\/wp-content\/uploads\/2024\/09\/cultura-destacados.svg\" width=\"90\" title=\"Cultura\" alt=\"Activitats culturals, esdeveniments i iniciatives que promouen la vida cultural de Sellent, incloent tallers i exposicions.\"> <\/a> <h3> <a href=\"https:\/\/sellent.es\/serveis\/cultura\/\"> Cultura <\/a> <\/h3> Activitats culturals, esdeveniments i iniciatives que promouen la vida cultural de Sellent, incloent tallers i exposicions.\n<a href=\"https:\/\/sellent.es\/poble\/patrimoni\/\"> <img src=\"https:\/\/sellent.es\/wp-content\/uploads\/2024\/09\/patrimonio-destacados.svg\" width=\"90\" title=\"Patrimoni\" alt=\"Informaci\u00f3 sobre els monuments i llocs d&#039;inter\u00e8s hist\u00f2ric i arquitect\u00f2nic del municipi que formen part del seu patrimoni.\"> <\/a> <h3> <a href=\"https:\/\/sellent.es\/poble\/patrimoni\/\"> Patrimoni <\/a> <\/h3> Informaci\u00f3 sobre els monuments i llocs d'inter\u00e8s hist\u00f2ric i arquitect\u00f2nic del municipi que formen part del seu patrimoni.\n<a href=\"https:\/\/sellent.es\/poble\/rutes-rurals\/\"> <img src=\"https:\/\/sellent.es\/wp-content\/uploads\/2024\/09\/rutas-rurales-destacados.svg\" width=\"90\" title=\"Rutes rurals\" alt=\"Informaci\u00f3 sobre els itineraris i rutes naturals del municipi, destacant el paisatge rural i les opcions de senderisme.\"> <\/a> <h3> <a href=\"https:\/\/sellent.es\/poble\/rutes-rurals\/\"> Rutes rurals <\/a> <\/h3> Informaci\u00f3 sobre els itineraris i rutes naturals del municipi, destacant el paisatge rural i les opcions de senderisme.\n<a href=\"https:\/\/sellent.es\/poble\/festes\/\"> <img src=\"https:\/\/sellent.es\/wp-content\/uploads\/2024\/09\/fiestas-destacados.svg\" width=\"90\" title=\"Festes\" alt=\"Descripci\u00f3 de les festivitats tradicionals locals, incloent dates, activitats i costums que formen part de les celebracions anuals.\"> <\/a> <h3> <a href=\"https:\/\/sellent.es\/poble\/festes\/\"> Festes <\/a> <\/h3> Descripci\u00f3 de les festivitats tradicionals locals, incloent dates, activitats i costums que formen part de les celebracions anuals.\n<a href=\"https:\/\/www.google.com\/maps\/place\/46295+Sellent,+Valencia\/@39.0321266,-0.5879296,17z\/data=!3m1!4b1!4m6!3m5!1s0xd61a089435dde4f:0xa87da7914e76f4af!8m2!3d39.0311708!4d-0.5878607!16s%2Fm%2F02q5kxv?entry=ttu&#038;g_ep=EgoyMDI0MDkxOC4xIKXMDSoASAFQAw%3D%3D\" rel=\"noopener\" target=\"_blank\"> <img src=\"https:\/\/sellent.es\/wp-content\/uploads\/2024\/09\/localizacion-destacados.svg\" width=\"90\" title=\"Localitzaci\u00f3\" alt=\"Dades de localitzaci\u00f3 de Sellent, amb mapes, coordenades i informaci\u00f3 \u00fatil per a visitants.\"> <\/a> <h3> <a href=\"https:\/\/www.google.com\/maps\/place\/46295+Sellent,+Valencia\/@39.0321266,-0.5879296,17z\/data=!3m1!4b1!4m6!3m5!1s0xd61a089435dde4f:0xa87da7914e76f4af!8m2!3d39.0311708!4d-0.5878607!16s%2Fm%2F02q5kxv?entry=ttu&#038;g_ep=EgoyMDI0MDkxOC4xIKXMDSoASAFQAw%3D%3D\" rel=\"noopener\" target=\"_blank\"> Localitzaci\u00f3 <\/a> <\/h3> Dades de localitzaci\u00f3 de Sellent, amb mapes, coordenades i informaci\u00f3 \u00fatil per a visitants.","_links":{"self":[{"href":"https:\/\/sellent.es\/es\/wp-json\/wp\/v2\/pages\/3859","targetHints":{"allow":["GET"]}}],"collection":[{"href":"https:\/\/sellent.es\/es\/wp-json\/wp\/v2\/pages"}],"about":[{"href":"https:\/\/sellent.es\/es\/wp-json\/wp\/v2\/types\/page"}],"author":[{"embeddable":true,"href":"https:\/\/sellent.es\/es\/wp-json\/wp\/v2\/users\/1"}],"replies":[{"embeddable":true,"href":"https:\/\/sellent.es\/es\/wp-json\/wp\/v2\/comments?post=3859"}],"version-history":[{"count":22,"href":"https:\/\/sellent.es\/es\/wp-json\/wp\/v2\/pages\/3859\/revisions"}],"predecessor-version":[{"id":4297,"href":"https:\/\/sellent.es\/es\/wp-json\/wp\/v2\/pages\/3859\/revisions\/4297"}],"wp:attachment":[{"href":"https:\/\/sellent.es\/es\/wp-json\/wp\/v2\/media?parent=3859"}],"curies":[{"name":"wp","href":"https:\/\/api.w.org\/{rel}","templated":true}]}}